{"id":492,"date":"2016-09-27T09:01:31","date_gmt":"2016-09-27T07:01:31","guid":{"rendered":"https:\/\/unjourunecouleur.fr\/boutique\/product-category\/sample-product\/bougeoir-cubic-bois-recycle\/"},"modified":"2016-09-27T09:45:31","modified_gmt":"2016-09-27T07:45:31","slug":"bougeoir-cubic-bois-recycle","status":"publish","type":"product","link":"https:\/\/unjourunecouleur.fr\/boutique\/product-category\/sample-product\/bougeoir-cubic-bois-recycle\/","title":{"rendered":"3 bougeoirs Cubic"},"content":{"rendered":"<p>\u00c9clairez vos soir\u00e9es avec les bougeoirs Cubic !<\/p>\n<p>Entre bois recycl\u00e9 brut et couleurs soutenues, ces supports \u00e0 bougies ne passent pas inaper\u00e7us.<\/p>\n<p>L&#8217;emplacement de la bougie est d\u00e9centr\u00e9e. Vous pouvez ainsi positionner une petite d\u00e9coration (non inflammable) \u00e0 c\u00f4t\u00e9 de la bougie si le c\u0153ur vous en dit&#8230; Mais vous pouvez aussi les garder tels quels pour une ambiance \u00e9pur\u00e9e, aux influences scandinaves.<\/p>\n<p>Chaque bougeoir pr\u00e9sente au minimum une face lat\u00e9rale en bois brut. La peinture utilis\u00e9e est respectueuse de l&rsquo;environnement et pr\u00e9sente un aspect lisse et satin\u00e9.<\/p>\n<p>Chaque bougeoir est unique car fabriqu\u00e9 enti\u00e8rement \u00e0 la main \u00e0 partir de bois recycl\u00e9.<\/p>\n<p>J&rsquo;ai vous propose des ensembles de 3 bougeoirs aux couleurs assorties (choisir une couleur ci-dessus pour visualiser), mais je peux aussi r\u00e9aliser vos bougeoirs CUBIC \u00e0 la commande et aux couleurs de votre choix. Contactez-moi pour demander les disponibilit\u00e9s des mat\u00e9riaux et obtenir une estimation du d\u00e9lai n\u00e9cessaire \u00e0 la fabrication.<\/p>\n<h3>Contenu de votre colis :<\/h3>\n<ul>\n<li>3 bougeoirs CUBIC assortis (coloris au choix si dessus ou personnalis\u00e9s)<\/li>\n<li>3 bougies blanches diam\u00e8tre 20mm<\/li>\n<\/ul>\n","protected":false},"excerpt":{"rendered":"<p>Ensemble de trois bougeoirs assortis r\u00e9alis\u00e9s en bois recycl\u00e9 et peints \u00e0 la main.<\/p>\n<p>Certaines pi\u00e8ces de bois recycl\u00e9es sont l\u00e9g\u00e8rement fendill\u00e9es, c&rsquo;est normal ! Ce sont les marques de leur ancienne vie&#8230; et la preuve de leur grand-\u00e2ge ;-)<\/p>\n<p>Vendu en lot de 3 bougeoirs aux coloris assortis<\/p>\n","protected":false},"featured_media":503,"comment_status":"open","ping_status":"closed","template":"","meta":[],"product_brand":[],"product_cat":[10],"product_tag":[44],"class_list":{"0":"post-492","1":"product","2":"type-product","3":"status-publish","4":"has-post-thumbnail","6":"product_cat-bougeoirs","7":"product_tag-noel","9":"first","10":"instock","11":"shipping-taxable","12":"purchasable","13":"product-type-variable"},"yoast_head":"<!-- This site is optimized with the Yoast SEO plugin v27.2 - https:\/\/yoast.com\/product\/yoast-seo-wordpress\/ -->\n<title>3 bougeoirs Cubic - La boutique Un jour une couleur<\/title>\n<meta name=\"description\" content=\"Ensemble de trois bougeoirs assortis r\u00e9alis\u00e9s en bois recycl\u00e9 et peints \u00e0 la main. Couleurs assorties, possibilit\u00e9 de r\u00e9aliser vos coloris sur commande.\" \/>\n<meta name=\"robots\" content=\"index, follow, max-snippet:-1, max-image-preview:large, max-video-preview:-1\" \/>\n<link rel=\"canonical\" href=\"https:\/\/unjourunecouleur.fr\/boutique\/product-category\/sample-product\/bougeoir-cubic-bois-recycle\/\" \/>\n<meta property=\"og:locale\" content=\"fr_FR\" \/>\n<meta property=\"og:type\" content=\"article\" \/>\n<meta property=\"og:title\" content=\"3 bougeoirs Cubic - La boutique Un jour une couleur\" \/>\n<meta property=\"og:description\" content=\"Ensemble de trois bougeoirs assortis r\u00e9alis\u00e9s en bois recycl\u00e9 et peints \u00e0 la main. Couleurs assorties, possibilit\u00e9 de r\u00e9aliser vos coloris sur commande.\" \/>\n<meta property=\"og:url\" content=\"https:\/\/unjourunecouleur.fr\/boutique\/product-category\/sample-product\/bougeoir-cubic-bois-recycle\/\" \/>\n<meta property=\"og:site_name\" content=\"La boutique Un jour une couleur\" \/>\n<meta property=\"article:modified_time\" content=\"2016-09-27T07:45:31+00:00\" \/>\n<meta property=\"og:image\" content=\"https:\/\/unjourunecouleur.fr\/boutique\/wp-content\/uploads\/sites\/7\/2016\/09\/bougeoirs-Cubic-crepuscule-en-bois-recycle-peint-a-la-main24.jpg\" \/>\n\t<meta property=\"og:image:width\" content=\"800\" \/>\n\t<meta property=\"og:image:height\" content=\"600\" \/>\n\t<meta property=\"og:image:type\" content=\"image\/jpeg\" \/>\n<meta name=\"twitter:card\" content=\"summary_large_image\" \/>\n<meta name=\"twitter:label1\" content=\"Dur\u00e9e de lecture estim\u00e9e\" \/>\n\t<meta name=\"twitter:data1\" content=\"1 minute\" \/>\n<script type=\"application\/ld+json\" class=\"yoast-schema-graph\">{\"@context\":\"https:\/\/schema.org\",\"@graph\":[{\"@type\":\"WebPage\",\"@id\":\"https:\/\/unjourunecouleur.fr\/boutique\/product-category\/sample-product\/bougeoir-cubic-bois-recycle\/\",\"url\":\"https:\/\/unjourunecouleur.fr\/boutique\/product-category\/sample-product\/bougeoir-cubic-bois-recycle\/\",\"name\":\"3 bougeoirs Cubic - La boutique Un jour une couleur\",\"isPartOf\":{\"@id\":\"https:\/\/unjourunecouleur.fr\/boutique\/#website\"},\"primaryImageOfPage\":{\"@id\":\"https:\/\/unjourunecouleur.fr\/boutique\/product-category\/sample-product\/bougeoir-cubic-bois-recycle\/#primaryimage\"},\"image\":{\"@id\":\"https:\/\/unjourunecouleur.fr\/boutique\/product-category\/sample-product\/bougeoir-cubic-bois-recycle\/#primaryimage\"},\"thumbnailUrl\":\"https:\/\/unjourunecouleur.fr\/boutique\/wp-content\/uploads\/sites\/7\/2016\/09\/bougeoirs-Cubic-crepuscule-en-bois-recycle-peint-a-la-main24.jpg\",\"datePublished\":\"2016-09-27T07:01:31+00:00\",\"dateModified\":\"2016-09-27T07:45:31+00:00\",\"description\":\"Ensemble de trois bougeoirs assortis r\u00e9alis\u00e9s en bois recycl\u00e9 et peints \u00e0 la main. Couleurs assorties, possibilit\u00e9 de r\u00e9aliser vos coloris sur commande.\",\"breadcrumb\":{\"@id\":\"https:\/\/unjourunecouleur.fr\/boutique\/product-category\/sample-product\/bougeoir-cubic-bois-recycle\/#breadcrumb\"},\"inLanguage\":\"fr-FR\",\"potentialAction\":[{\"@type\":\"ReadAction\",\"target\":[\"https:\/\/unjourunecouleur.fr\/boutique\/product-category\/sample-product\/bougeoir-cubic-bois-recycle\/\"]}]},{\"@type\":\"ImageObject\",\"inLanguage\":\"fr-FR\",\"@id\":\"https:\/\/unjourunecouleur.fr\/boutique\/product-category\/sample-product\/bougeoir-cubic-bois-recycle\/#primaryimage\",\"url\":\"https:\/\/unjourunecouleur.fr\/boutique\/wp-content\/uploads\/sites\/7\/2016\/09\/bougeoirs-Cubic-crepuscule-en-bois-recycle-peint-a-la-main24.jpg\",\"contentUrl\":\"https:\/\/unjourunecouleur.fr\/boutique\/wp-content\/uploads\/sites\/7\/2016\/09\/bougeoirs-Cubic-crepuscule-en-bois-recycle-peint-a-la-main24.jpg\",\"width\":800,\"height\":600,\"caption\":\"Bougeoirs Cubic en bois recycl\u00e9 peint \u00e0 la main - couleurs assorties Cr\u00e9puscule\"},{\"@type\":\"BreadcrumbList\",\"@id\":\"https:\/\/unjourunecouleur.fr\/boutique\/product-category\/sample-product\/bougeoir-cubic-bois-recycle\/#breadcrumb\",\"itemListElement\":[{\"@type\":\"ListItem\",\"position\":1,\"name\":\"Accueil\",\"item\":\"https:\/\/unjourunecouleur.fr\/boutique\/\"},{\"@type\":\"ListItem\",\"position\":2,\"name\":\"Boutique\",\"item\":\"https:\/\/unjourunecouleur.fr\/boutique\/shop\/\"},{\"@type\":\"ListItem\",\"position\":3,\"name\":\"3 bougeoirs Cubic\"}]},{\"@type\":\"WebSite\",\"@id\":\"https:\/\/unjourunecouleur.fr\/boutique\/#website\",\"url\":\"https:\/\/unjourunecouleur.fr\/boutique\/\",\"name\":\"La boutique Un jour une couleur\",\"description\":\"du bois et des couleurs... artisanat d\u00e9coration et bijoux\",\"publisher\":{\"@id\":\"https:\/\/unjourunecouleur.fr\/boutique\/#organization\"},\"potentialAction\":[{\"@type\":\"SearchAction\",\"target\":{\"@type\":\"EntryPoint\",\"urlTemplate\":\"https:\/\/unjourunecouleur.fr\/boutique\/?s={search_term_string}\"},\"query-input\":{\"@type\":\"PropertyValueSpecification\",\"valueRequired\":true,\"valueName\":\"search_term_string\"}}],\"inLanguage\":\"fr-FR\"},{\"@type\":\"Organization\",\"@id\":\"https:\/\/unjourunecouleur.fr\/boutique\/#organization\",\"name\":\"Un jour une couleur\",\"url\":\"https:\/\/unjourunecouleur.fr\/boutique\/\",\"logo\":{\"@type\":\"ImageObject\",\"inLanguage\":\"fr-FR\",\"@id\":\"https:\/\/unjourunecouleur.fr\/boutique\/#\/schema\/logo\/image\/\",\"url\":\"https:\/\/unjourunecouleur.fr\/boutique\/wp-content\/uploads\/sites\/7\/2016\/08\/banniere_texte_400x100.png\",\"contentUrl\":\"https:\/\/unjourunecouleur.fr\/boutique\/wp-content\/uploads\/sites\/7\/2016\/08\/banniere_texte_400x100.png\",\"width\":400,\"height\":100,\"caption\":\"Un jour une couleur\"},\"image\":{\"@id\":\"https:\/\/unjourunecouleur.fr\/boutique\/#\/schema\/logo\/image\/\"}}]}<\/script>\n<!-- \/ Yoast SEO plugin. -->","yoast_head_json":{"title":"3 bougeoirs Cubic - La boutique Un jour une couleur","description":"Ensemble de trois bougeoirs assortis r\u00e9alis\u00e9s en bois recycl\u00e9 et peints \u00e0 la main. Couleurs assorties, possibilit\u00e9 de r\u00e9aliser vos coloris sur commande.","robots":{"index":"index","follow":"follow","max-snippet":"max-snippet:-1","max-image-preview":"max-image-preview:large","max-video-preview":"max-video-preview:-1"},"canonical":"https:\/\/unjourunecouleur.fr\/boutique\/product-category\/sample-product\/bougeoir-cubic-bois-recycle\/","og_locale":"fr_FR","og_type":"article","og_title":"3 bougeoirs Cubic - La boutique Un jour une couleur","og_description":"Ensemble de trois bougeoirs assortis r\u00e9alis\u00e9s en bois recycl\u00e9 et peints \u00e0 la main. Couleurs assorties, possibilit\u00e9 de r\u00e9aliser vos coloris sur commande.","og_url":"https:\/\/unjourunecouleur.fr\/boutique\/product-category\/sample-product\/bougeoir-cubic-bois-recycle\/","og_site_name":"La boutique Un jour une couleur","article_modified_time":"2016-09-27T07:45:31+00:00","og_image":[{"width":800,"height":600,"url":"https:\/\/unjourunecouleur.fr\/boutique\/wp-content\/uploads\/sites\/7\/2016\/09\/bougeoirs-Cubic-crepuscule-en-bois-recycle-peint-a-la-main24.jpg","type":"image\/jpeg"}],"twitter_card":"summary_large_image","twitter_misc":{"Dur\u00e9e de lecture estim\u00e9e":"1 minute"},"schema":{"@context":"https:\/\/schema.org","@graph":[{"@type":"WebPage","@id":"https:\/\/unjourunecouleur.fr\/boutique\/product-category\/sample-product\/bougeoir-cubic-bois-recycle\/","url":"https:\/\/unjourunecouleur.fr\/boutique\/product-category\/sample-product\/bougeoir-cubic-bois-recycle\/","name":"3 bougeoirs Cubic - La boutique Un jour une couleur","isPartOf":{"@id":"https:\/\/unjourunecouleur.fr\/boutique\/#website"},"primaryImageOfPage":{"@id":"https:\/\/unjourunecouleur.fr\/boutique\/product-category\/sample-product\/bougeoir-cubic-bois-recycle\/#primaryimage"},"image":{"@id":"https:\/\/unjourunecouleur.fr\/boutique\/product-category\/sample-product\/bougeoir-cubic-bois-recycle\/#primaryimage"},"thumbnailUrl":"https:\/\/unjourunecouleur.fr\/boutique\/wp-content\/uploads\/sites\/7\/2016\/09\/bougeoirs-Cubic-crepuscule-en-bois-recycle-peint-a-la-main24.jpg","datePublished":"2016-09-27T07:01:31+00:00","dateModified":"2016-09-27T07:45:31+00:00","description":"Ensemble de trois bougeoirs assortis r\u00e9alis\u00e9s en bois recycl\u00e9 et peints \u00e0 la main. Couleurs assorties, possibilit\u00e9 de r\u00e9aliser vos coloris sur commande.","breadcrumb":{"@id":"https:\/\/unjourunecouleur.fr\/boutique\/product-category\/sample-product\/bougeoir-cubic-bois-recycle\/#breadcrumb"},"inLanguage":"fr-FR","potentialAction":[{"@type":"ReadAction","target":["https:\/\/unjourunecouleur.fr\/boutique\/product-category\/sample-product\/bougeoir-cubic-bois-recycle\/"]}]},{"@type":"ImageObject","inLanguage":"fr-FR","@id":"https:\/\/unjourunecouleur.fr\/boutique\/product-category\/sample-product\/bougeoir-cubic-bois-recycle\/#primaryimage","url":"https:\/\/unjourunecouleur.fr\/boutique\/wp-content\/uploads\/sites\/7\/2016\/09\/bougeoirs-Cubic-crepuscule-en-bois-recycle-peint-a-la-main24.jpg","contentUrl":"https:\/\/unjourunecouleur.fr\/boutique\/wp-content\/uploads\/sites\/7\/2016\/09\/bougeoirs-Cubic-crepuscule-en-bois-recycle-peint-a-la-main24.jpg","width":800,"height":600,"caption":"Bougeoirs Cubic en bois recycl\u00e9 peint \u00e0 la main - couleurs assorties Cr\u00e9puscule"},{"@type":"BreadcrumbList","@id":"https:\/\/unjourunecouleur.fr\/boutique\/product-category\/sample-product\/bougeoir-cubic-bois-recycle\/#breadcrumb","itemListElement":[{"@type":"ListItem","position":1,"name":"Accueil","item":"https:\/\/unjourunecouleur.fr\/boutique\/"},{"@type":"ListItem","position":2,"name":"Boutique","item":"https:\/\/unjourunecouleur.fr\/boutique\/shop\/"},{"@type":"ListItem","position":3,"name":"3 bougeoirs Cubic"}]},{"@type":"WebSite","@id":"https:\/\/unjourunecouleur.fr\/boutique\/#website","url":"https:\/\/unjourunecouleur.fr\/boutique\/","name":"La boutique Un jour une couleur","description":"du bois et des couleurs... artisanat d\u00e9coration et bijoux","publisher":{"@id":"https:\/\/unjourunecouleur.fr\/boutique\/#organization"},"potentialAction":[{"@type":"SearchAction","target":{"@type":"EntryPoint","urlTemplate":"https:\/\/unjourunecouleur.fr\/boutique\/?s={search_term_string}"},"query-input":{"@type":"PropertyValueSpecification","valueRequired":true,"valueName":"search_term_string"}}],"inLanguage":"fr-FR"},{"@type":"Organization","@id":"https:\/\/unjourunecouleur.fr\/boutique\/#organization","name":"Un jour une couleur","url":"https:\/\/unjourunecouleur.fr\/boutique\/","logo":{"@type":"ImageObject","inLanguage":"fr-FR","@id":"https:\/\/unjourunecouleur.fr\/boutique\/#\/schema\/logo\/image\/","url":"https:\/\/unjourunecouleur.fr\/boutique\/wp-content\/uploads\/sites\/7\/2016\/08\/banniere_texte_400x100.png","contentUrl":"https:\/\/unjourunecouleur.fr\/boutique\/wp-content\/uploads\/sites\/7\/2016\/08\/banniere_texte_400x100.png","width":400,"height":100,"caption":"Un jour une couleur"},"image":{"@id":"https:\/\/unjourunecouleur.fr\/boutique\/#\/schema\/logo\/image\/"}}]}},"_links":{"self":[{"href":"https:\/\/unjourunecouleur.fr\/boutique\/wp-json\/wp\/v2\/product\/492","targetHints":{"allow":["GET"]}}],"collection":[{"href":"https:\/\/unjourunecouleur.fr\/boutique\/wp-json\/wp\/v2\/product"}],"about":[{"href":"https:\/\/unjourunecouleur.fr\/boutique\/wp-json\/wp\/v2\/types\/product"}],"replies":[{"embeddable":true,"href":"https:\/\/unjourunecouleur.fr\/boutique\/wp-json\/wp\/v2\/comments?post=492"}],"wp:featuredmedia":[{"embeddable":true,"href":"https:\/\/unjourunecouleur.fr\/boutique\/wp-json\/wp\/v2\/media\/503"}],"wp:attachment":[{"href":"https:\/\/unjourunecouleur.fr\/boutique\/wp-json\/wp\/v2\/media?parent=492"}],"wp:term":[{"taxonomy":"product_brand","embeddable":true,"href":"https:\/\/unjourunecouleur.fr\/boutique\/wp-json\/wp\/v2\/product_brand?post=492"},{"taxonomy":"product_cat","embeddable":true,"href":"https:\/\/unjourunecouleur.fr\/boutique\/wp-json\/wp\/v2\/product_cat?post=492"},{"taxonomy":"product_tag","embeddable":true,"href":"https:\/\/unjourunecouleur.fr\/boutique\/wp-json\/wp\/v2\/product_tag?post=492"}],"curies":[{"name":"wp","href":"https:\/\/api.w.org\/{rel}","templated":true}]}}