{"id":38,"date":"2016-08-30T10:23:52","date_gmt":"2016-08-30T08:23:52","guid":{"rendered":"https:\/\/unjourunecouleur.fr\/boutique\/?page_id=38"},"modified":"2016-09-15T13:31:55","modified_gmt":"2016-09-15T11:31:55","slug":"conditions-generales-de-vente","status":"publish","type":"page","link":"https:\/\/unjourunecouleur.fr\/boutique\/conditions-generales-de-vente\/","title":{"rendered":"Conditions g\u00e9n\u00e9rales de Vente"},"content":{"rendered":"<h2>CONDITIONS G\u00c9N\u00c9RALES DE VENTE<\/h2>\n<h3>Article 1 \u2013 Objet<\/h3>\n<p>Les pr\u00e9sentes conditions g\u00e9n\u00e9rales de vente (ou conditions g\u00e9n\u00e9rales de vente d\u00e9crites ci-apr\u00e8s) d\u00e9taillent les droits et obligations de la soci\u00e9t\u00e9 Un jour une couleur, enregistr\u00e9e au registre des commerces et des soci\u00e9t\u00e9s sous le num\u00e9ro SIREN 818\u00a0663 874 et de son client dans le cadre de la vente des marchandises propos\u00e9es sur le site unjourunecouleur.fr\/boutique<\/p>\n<p>Ces conditions sont r\u00e9visables et modifiables \u00e0 tout moment.<\/p>\n<p>En cas de modification, les conditions g\u00e9n\u00e9rales de vente applicables sont celles publi\u00e9es sur le site au moment de la commande.<\/p>\n<h3>Article 2 &#8211; Commandes<\/h3>\n<p>Le client qui commande atteste avoir pris connaissance et accepter les pr\u00e9sentes conditions g\u00e9n\u00e9rales de vente dans leur totalit\u00e9.<\/p>\n<p>Les commandes sont pass\u00e9es via le site unjourunecouleur.fr\/boutique<\/p>\n<p>La commande est valid\u00e9e \u00e0 l\u2019\u00e9tape du paiement et confirm\u00e9e dans les 48 heures ouvr\u00e9es hors cong\u00e9s.<\/p>\n<p>Un jour une couleur ne peut \u00eatre tenu pour responsable en cas d\u2019erreur de saisie faite par le client lors de la commande.<\/p>\n<h3>Article 3 &#8211; Articles<\/h3>\n<p>Un jour une couleur s\u2019efforce de pr\u00e9senter des photos des articles qui soient le plus fid\u00e8les possibles, mais qui restent non contractuelles, les nuances de couleurs et le rendu des mati\u00e8res pr\u00e9sent\u00e9s \u00e0 l\u2019\u00e9cran pouvant \u00eatre diff\u00e9rents de la r\u00e9alit\u00e9 en fonction de l\u2019\u00e9clairage ou de la r\u00e9solution de votre \u00e9cran.<\/p>\n<p>Un soin tout particulier est apport\u00e9 \u00e0 chaque article, mais \u00e9tant donn\u00e9 leur fabrication artisanale, chaque pi\u00e8ce est unique et de l\u00e9g\u00e8res variations (motifs, couleurs, dimensions\u2026) peuvent donc intervenir.<\/p>\n<h3>Article 4 \u2013 Tarifs<\/h3>\n<p>Les prix indiqu\u00e9s sur le site unjourunecouleur.fr\/boutique sont en euros (\u20ac) et s\u2019entendent hors TVA (TVA non applicable, article 293B du CGI).<\/p>\n<p>Ils sont modifiables \u00e0 tout moment et sans pr\u00e9avis.<\/p>\n<p>En cas de modification de tarif, les prix applicables sont ceux figurant sur le site au moment de la commande.<\/p>\n<p>Sauf indication contraire sur la fiche, les prix n\u2019incluent pas les frais d\u2019exp\u00e9dition, qui restent \u00e0 la charge de l\u2019acheteur.<\/p>\n<p>Les frais de port sont calcul\u00e9s en fonction de l\u2019adresse du client, du mode de livraison et du poids des pi\u00e8ces. Ils sont indiqu\u00e9s dans la fiche Panier, avant passation de la commande<\/p>\n<p>&nbsp;<\/p>\n<h3>Article 5 \u2013 Paiement<\/h3>\n<p>Le client peut payer par ch\u00e8que, esp\u00e8ce (uniquement en cas de remise en main propre en point de vente ou \u00e0 l&rsquo;atelier) ou par tout moyen de paiement disponible sur le site unjourunecouleur.fr\/boutique.<\/p>\n<p><strong>Pour les paiements par ch\u00e8que\u00a0:<\/strong> Le ch\u00e8que\u00a0\u00e9tabli \u00e0 l\u2019ordre de Mathilde MAROCCO doit \u00eatre envoy\u00e9 au frais du client \u00e0 l\u2019adresse suivante\u00a0:<\/p>\n<p style=\"text-align: center;\">Un jour une couleur \u2013 \u00e0 l\u2019attention de Mathilde MAROCCO<\/p>\n<p style=\"text-align: center;\">10, all\u00e9e des Jonquilles<\/p>\n<p style=\"text-align: center;\">54530 Pagny-sur-Moselle<\/p>\n<p>&nbsp;<\/p>\n<p>Tout ch\u00e8que incomplet ou erron\u00e9 (montant, ordre, date, signature&#8230;) sera refus\u00e9.<\/p>\n<p>La pr\u00e9paration de la commande d\u00e9butera apr\u00e8s encaissement du ch\u00e8que.<\/p>\n<p><strong>Pour les paiements en esp\u00e8ce\u00a0:<\/strong> les paiements en esp\u00e8ces sont accept\u00e9s en accord avec la loi (montant maximum de 1000\u20ac pour les particuliers) et uniquement en cas de retrait de la marchandise \u00e0 l\u2019atelier.<\/p>\n<p>Une commande personnalis\u00e9e ne sera fabriqu\u00e9e qu\u2019apr\u00e8s r\u00e9ception du versement pr\u00e9alable de la totalit\u00e9 ou d\u2019une partie du montant total de la commande, \u00e0 d\u00e9finir lors de la commande.<\/p>\n<h3>Article 6 \u2013 Exp\u00e9dition et d\u00e9lais de livraison<\/h3>\n<p>En raison du caract\u00e8re artisanal de Un jour une couleur, le d\u00e9lai de fabrication peut varier.<\/p>\n<p>Les articles en stock sont exp\u00e9di\u00e9s dans un d\u00e9lai de 3 jours ouvr\u00e9s apr\u00e8s la r\u00e9ception du paiement\u00a0 sauf indication contraire sur la fiche article ou sur la confirmation de commande.<\/p>\n<p>En cas de commande de produits personnalis\u00e9s, un jour une couleur vous informera du d\u00e9lai de fabrication et de livraison pas courrier \u00e9lectronique.<\/p>\n<p>Les d\u00e9lais de livraison d\u00e9pendent du mode de livraison choisi.<\/p>\n<p>Les articles encombrants ne sont pas exp\u00e9di\u00e9s. Cette information est indiqu\u00e9e dans la fiche des articles concern\u00e9s.<\/p>\n<p>La livraison dans un rayon de 50 km autour de Pagny-sur-Moselle est possible uniquement pour les articles encombrants. Cette option doit \u00eatre pr\u00e9cis\u00e9e par l\u2019acheteur et accept\u00e9e par le vendeur AVANT la validation de la commande.<\/p>\n<p>Le retrait \u00e0 l\u2019atelier est possible sur rendez-vous\u00a0: l\u2019acheteur doit cocher la case \u00ab\u00a0remise en main propre\u00a0\u00bb lors de la commande. Les frais d\u2019exp\u00e9dition seront alors d\u00e9duits du total de la commande.\u00a0 Il est \u00e0 noter que le retrait se fera \u00e0 Pagny-sur-Moselle (54).<\/p>\n<p>&nbsp;<\/p>\n<p>Il se peut qu\u2019un produit soit d\u00e9t\u00e9rior\u00e9 suite \u00e0 un colis endommag\u00e9 lors du transport.<\/p>\n<p>L\u2019acheteur, s\u2019il constate que le colis est endommag\u00e9, peut soit le refuser, soit le r\u00e9ceptionner tout en signalant la d\u00e9t\u00e9rioration de son emballage au transporteur.<\/p>\n<p>Si une avarie est constat\u00e9e au moment de l\u2019ouverture du colis, l\u2019acheteur peut d\u00e9poser une r\u00e9clamation au service client du transporteur.<\/p>\n<p>L\u2019acheteur doit \u00e9galement notifier toute anomalie concernant la livraison le jour m\u00eame ou le jour ouvr\u00e9 suivant, soit par courrier \u00e0\u00a0:<\/p>\n<p style=\"text-align: center;\">Un jour une couleur<\/p>\n<p style=\"text-align: center;\">10, all\u00e9e des Jonquilles<\/p>\n<p style=\"text-align: center;\">54530 PAGNY-SUR-MOSELLE<\/p>\n<p>&nbsp;<\/p>\n<p>soit par courriel \u00e0 adresse mail\u00a0:<\/p>\n<p style=\"text-align: center;\">service-client@unjourunecouleur.fr<\/p>\n<p>&nbsp;<\/p>\n<p>en mentionnant l\u2019objet de son courrier\/courriel ainsi que le num\u00e9ro de commande.<\/p>\n<p>Il devra aussi stipuler dans son courrier\/courriel s\u2019il fait le choix d\u2019un remboursement incluant les frais d\u2019envoi initiaux en joignant un RIB, ou souhaite proc\u00e9der \u00e0 un \u00e9change (produit identique) sous r\u00e9serve de disponibilit\u00e9. Si le produit n\u2019est plus disponible, un jour une couleur contactera le client afin de lui proposer le remboursement ou un autre produit.<\/p>\n<p><strong><em>\u00a0<\/em><\/strong><\/p>\n<h3>Article 7 \u2013 Droit de r\u00e9tractation &#8211; Retours<\/h3>\n<p>Conform\u00e9ment au code de la consommation, le client dispose d\u2019un d\u00e9lai de 14 jours ouvrables \u00e0 compter de la r\u00e9ception de la marchandise pour retourner les produits qui ne conviendraient pas, sans avoir \u00e0 justifier du motif du retour.<\/p>\n<p>Afin d\u2019\u00eatre plus proche de vos besoins, Unjourunecouleur vous propose un d\u00e9lai de 30 jours pour retourner les articles qui ne vous conviendraient pas \u00e0 partir de la r\u00e9ception de votre commande.<\/p>\n<p>Les frais de retour sont \u00e0 la charge de l\u2019acheteur.<\/p>\n<p>Le retour sera signal\u00e9 \u00e0 un jour une couleur en pr\u00e9cisant le num\u00e9ro de commande. Seuls seront pris en compte les produits non utilis\u00e9s, dans leur emballage d\u2019origine, complets et intacts, en parfait \u00e9tat de revente.<\/p>\n<p>Tout produit ab\u00eem\u00e9, transform\u00e9 ou dont l\u2019emballage d\u2019origine aura \u00e9t\u00e9 d\u00e9t\u00e9rior\u00e9 ne sera ni repris ni \u00e9chang\u00e9.<\/p>\n<p>Le droit de r\u00e9tractation ne pourra \u00eatre exerc\u00e9 dans le cas de fourniture de biens confectionn\u00e9s \u00e0 votre demande ou nettement personnalis\u00e9s. De m\u00eame, les articles num\u00e9riques (sous format digital) ne pourront faire l&rsquo;objet d&rsquo;une demande de retour apr\u00e8s mise \u00e0 disposition de l\u2019article (mail contenant l\u2019article en pi\u00e8ce jointe ou lien de t\u00e9l\u00e9chargement).<\/p>\n<p>En cas d\u2019exercice du droit de r\u00e9tractation, Un jour une couleur proc\u00e8dera au remboursement des sommes vers\u00e9es, \u00e0 l\u2019exception des frais de port (initiaux et de retour), dans un d\u00e9lai de 30 jours ouvrables suivant la date de r\u00e9ception du mail envoy\u00e9 par le client pour exercer son droit de r\u00e9tractation.<\/p>\n<p>Pass\u00e9 le d\u00e9lai de 30 jours, tout article livr\u00e9 sera consid\u00e9r\u00e9 comme accept\u00e9 par le client et ne pourra faire l\u2019objet d\u2019un retour.<\/p>\n<p>&nbsp;<\/p>\n<p>&nbsp;<\/p>\n<h3>Article 8 \u2013 Propri\u00e9t\u00e9 intellectuelle<\/h3>\n<p>Tous les \u00e9l\u00e9ments figurant sur le site unjourunecouleur.fr\/boutique (marque, mod\u00e8les, photos, logos, \u00e9l\u00e9ments graphiques et textuels) sont la propri\u00e9t\u00e9 exclusive de Mathilde MAROCCO, repr\u00e9sentante de la marque un jour une couleur.<\/p>\n<p>La reproduction ou utilisation de tout ou partie de ces dits \u00e9l\u00e9ments est soumise \u00e0 l\u2019acceptation pr\u00e9alable de un jour une couleur ou \u00e0 des fins d\u2019information pour un usage personnel et priv\u00e9. Toute autre utilisation \u00e0 des fins professionnelles est strictement interdite. Toute copie est constitutive de contrefa\u00e7on et sanctionn\u00e9e par les articles L335-2 et suivants du Code de la Propri\u00e9t\u00e9 Intellectuelle.<\/p>\n","protected":false},"excerpt":{"rendered":"<p>CONDITIONS G\u00c9N\u00c9RALES DE VENTE Article 1 \u2013 Objet Les pr\u00e9sentes conditions g\u00e9n\u00e9rales de vente (ou conditions g\u00e9n\u00e9rales de vente d\u00e9crites ci-apr\u00e8s) d\u00e9taillent les droits et obligations de la soci\u00e9t\u00e9 Un jour une couleur, enregistr\u00e9e au registre des commerces et des&hellip;<\/p>\n","protected":false},"author":1,"featured_media":0,"parent":0,"menu_order":0,"comment_status":"closed","ping_status":"closed","template":"","meta":{"footnotes":""},"class_list":["post-38","page","type-page","status-publish","hentry"],"yoast_head":"<!-- This site is optimized with the Yoast SEO plugin v27.2 - https:\/\/yoast.com\/product\/yoast-seo-wordpress\/ -->\n<title>Conditions g\u00e9n\u00e9rales de Vente - La boutique Un jour une couleur<\/title>\n<meta name=\"robots\" content=\"index, follow, max-snippet:-1, max-image-preview:large, max-video-preview:-1\" \/>\n<link rel=\"canonical\" href=\"https:\/\/unjourunecouleur.fr\/boutique\/conditions-generales-de-vente\/\" \/>\n<meta property=\"og:locale\" content=\"fr_FR\" \/>\n<meta property=\"og:type\" content=\"article\" \/>\n<meta property=\"og:title\" content=\"Conditions g\u00e9n\u00e9rales de Vente - La boutique Un jour une couleur\" \/>\n<meta property=\"og:description\" content=\"CONDITIONS G\u00c9N\u00c9RALES DE VENTE Article 1 \u2013 Objet Les pr\u00e9sentes conditions g\u00e9n\u00e9rales de vente (ou conditions g\u00e9n\u00e9rales de vente d\u00e9crites ci-apr\u00e8s) d\u00e9taillent les droits et obligations de la soci\u00e9t\u00e9 Un jour une couleur, enregistr\u00e9e au registre des commerces et des&hellip;\" \/>\n<meta property=\"og:url\" content=\"https:\/\/unjourunecouleur.fr\/boutique\/conditions-generales-de-vente\/\" \/>\n<meta property=\"og:site_name\" content=\"La boutique Un jour une couleur\" \/>\n<meta property=\"article:modified_time\" content=\"2016-09-15T11:31:55+00:00\" \/>\n<meta name=\"twitter:card\" content=\"summary_large_image\" \/>\n<meta name=\"twitter:label1\" content=\"Dur\u00e9e de lecture estim\u00e9e\" \/>\n\t<meta name=\"twitter:data1\" content=\"7 minutes\" \/>\n<script type=\"application\/ld+json\" class=\"yoast-schema-graph\">{\"@context\":\"https:\/\/schema.org\",\"@graph\":[{\"@type\":\"WebPage\",\"@id\":\"https:\/\/unjourunecouleur.fr\/boutique\/conditions-generales-de-vente\/\",\"url\":\"https:\/\/unjourunecouleur.fr\/boutique\/conditions-generales-de-vente\/\",\"name\":\"Conditions g\u00e9n\u00e9rales de Vente - La boutique Un jour une couleur\",\"isPartOf\":{\"@id\":\"https:\/\/unjourunecouleur.fr\/boutique\/#website\"},\"datePublished\":\"2016-08-30T08:23:52+00:00\",\"dateModified\":\"2016-09-15T11:31:55+00:00\",\"breadcrumb\":{\"@id\":\"https:\/\/unjourunecouleur.fr\/boutique\/conditions-generales-de-vente\/#breadcrumb\"},\"inLanguage\":\"fr-FR\",\"potentialAction\":[{\"@type\":\"ReadAction\",\"target\":[\"https:\/\/unjourunecouleur.fr\/boutique\/conditions-generales-de-vente\/\"]}]},{\"@type\":\"BreadcrumbList\",\"@id\":\"https:\/\/unjourunecouleur.fr\/boutique\/conditions-generales-de-vente\/#breadcrumb\",\"itemListElement\":[{\"@type\":\"ListItem\",\"position\":1,\"name\":\"Accueil\",\"item\":\"https:\/\/unjourunecouleur.fr\/boutique\/\"},{\"@type\":\"ListItem\",\"position\":2,\"name\":\"Conditions g\u00e9n\u00e9rales de Vente\"}]},{\"@type\":\"WebSite\",\"@id\":\"https:\/\/unjourunecouleur.fr\/boutique\/#website\",\"url\":\"https:\/\/unjourunecouleur.fr\/boutique\/\",\"name\":\"La boutique Un jour une couleur\",\"description\":\"du bois et des couleurs... artisanat d\u00e9coration et bijoux\",\"publisher\":{\"@id\":\"https:\/\/unjourunecouleur.fr\/boutique\/#organization\"},\"potentialAction\":[{\"@type\":\"SearchAction\",\"target\":{\"@type\":\"EntryPoint\",\"urlTemplate\":\"https:\/\/unjourunecouleur.fr\/boutique\/?s={search_term_string}\"},\"query-input\":{\"@type\":\"PropertyValueSpecification\",\"valueRequired\":true,\"valueName\":\"search_term_string\"}}],\"inLanguage\":\"fr-FR\"},{\"@type\":\"Organization\",\"@id\":\"https:\/\/unjourunecouleur.fr\/boutique\/#organization\",\"name\":\"Un jour une couleur\",\"url\":\"https:\/\/unjourunecouleur.fr\/boutique\/\",\"logo\":{\"@type\":\"ImageObject\",\"inLanguage\":\"fr-FR\",\"@id\":\"https:\/\/unjourunecouleur.fr\/boutique\/#\/schema\/logo\/image\/\",\"url\":\"https:\/\/unjourunecouleur.fr\/boutique\/wp-content\/uploads\/sites\/7\/2016\/08\/banniere_texte_400x100.png\",\"contentUrl\":\"https:\/\/unjourunecouleur.fr\/boutique\/wp-content\/uploads\/sites\/7\/2016\/08\/banniere_texte_400x100.png\",\"width\":400,\"height\":100,\"caption\":\"Un jour une couleur\"},\"image\":{\"@id\":\"https:\/\/unjourunecouleur.fr\/boutique\/#\/schema\/logo\/image\/\"}}]}<\/script>\n<!-- \/ Yoast SEO plugin. -->","yoast_head_json":{"title":"Conditions g\u00e9n\u00e9rales de Vente - La boutique Un jour une couleur","robots":{"index":"index","follow":"follow","max-snippet":"max-snippet:-1","max-image-preview":"max-image-preview:large","max-video-preview":"max-video-preview:-1"},"canonical":"https:\/\/unjourunecouleur.fr\/boutique\/conditions-generales-de-vente\/","og_locale":"fr_FR","og_type":"article","og_title":"Conditions g\u00e9n\u00e9rales de Vente - La boutique Un jour une couleur","og_description":"CONDITIONS G\u00c9N\u00c9RALES DE VENTE Article 1 \u2013 Objet Les pr\u00e9sentes conditions g\u00e9n\u00e9rales de vente (ou conditions g\u00e9n\u00e9rales de vente d\u00e9crites ci-apr\u00e8s) d\u00e9taillent les droits et obligations de la soci\u00e9t\u00e9 Un jour une couleur, enregistr\u00e9e au registre des commerces et des&hellip;","og_url":"https:\/\/unjourunecouleur.fr\/boutique\/conditions-generales-de-vente\/","og_site_name":"La boutique Un jour une couleur","article_modified_time":"2016-09-15T11:31:55+00:00","twitter_card":"summary_large_image","twitter_misc":{"Dur\u00e9e de lecture estim\u00e9e":"7 minutes"},"schema":{"@context":"https:\/\/schema.org","@graph":[{"@type":"WebPage","@id":"https:\/\/unjourunecouleur.fr\/boutique\/conditions-generales-de-vente\/","url":"https:\/\/unjourunecouleur.fr\/boutique\/conditions-generales-de-vente\/","name":"Conditions g\u00e9n\u00e9rales de Vente - La boutique Un jour une couleur","isPartOf":{"@id":"https:\/\/unjourunecouleur.fr\/boutique\/#website"},"datePublished":"2016-08-30T08:23:52+00:00","dateModified":"2016-09-15T11:31:55+00:00","breadcrumb":{"@id":"https:\/\/unjourunecouleur.fr\/boutique\/conditions-generales-de-vente\/#breadcrumb"},"inLanguage":"fr-FR","potentialAction":[{"@type":"ReadAction","target":["https:\/\/unjourunecouleur.fr\/boutique\/conditions-generales-de-vente\/"]}]},{"@type":"BreadcrumbList","@id":"https:\/\/unjourunecouleur.fr\/boutique\/conditions-generales-de-vente\/#breadcrumb","itemListElement":[{"@type":"ListItem","position":1,"name":"Accueil","item":"https:\/\/unjourunecouleur.fr\/boutique\/"},{"@type":"ListItem","position":2,"name":"Conditions g\u00e9n\u00e9rales de Vente"}]},{"@type":"WebSite","@id":"https:\/\/unjourunecouleur.fr\/boutique\/#website","url":"https:\/\/unjourunecouleur.fr\/boutique\/","name":"La boutique Un jour une couleur","description":"du bois et des couleurs... artisanat d\u00e9coration et bijoux","publisher":{"@id":"https:\/\/unjourunecouleur.fr\/boutique\/#organization"},"potentialAction":[{"@type":"SearchAction","target":{"@type":"EntryPoint","urlTemplate":"https:\/\/unjourunecouleur.fr\/boutique\/?s={search_term_string}"},"query-input":{"@type":"PropertyValueSpecification","valueRequired":true,"valueName":"search_term_string"}}],"inLanguage":"fr-FR"},{"@type":"Organization","@id":"https:\/\/unjourunecouleur.fr\/boutique\/#organization","name":"Un jour une couleur","url":"https:\/\/unjourunecouleur.fr\/boutique\/","logo":{"@type":"ImageObject","inLanguage":"fr-FR","@id":"https:\/\/unjourunecouleur.fr\/boutique\/#\/schema\/logo\/image\/","url":"https:\/\/unjourunecouleur.fr\/boutique\/wp-content\/uploads\/sites\/7\/2016\/08\/banniere_texte_400x100.png","contentUrl":"https:\/\/unjourunecouleur.fr\/boutique\/wp-content\/uploads\/sites\/7\/2016\/08\/banniere_texte_400x100.png","width":400,"height":100,"caption":"Un jour une couleur"},"image":{"@id":"https:\/\/unjourunecouleur.fr\/boutique\/#\/schema\/logo\/image\/"}}]}},"_links":{"self":[{"href":"https:\/\/unjourunecouleur.fr\/boutique\/wp-json\/wp\/v2\/pages\/38","targetHints":{"allow":["GET"]}}],"collection":[{"href":"https:\/\/unjourunecouleur.fr\/boutique\/wp-json\/wp\/v2\/pages"}],"about":[{"href":"https:\/\/unjourunecouleur.fr\/boutique\/wp-json\/wp\/v2\/types\/page"}],"author":[{"embeddable":true,"href":"https:\/\/unjourunecouleur.fr\/boutique\/wp-json\/wp\/v2\/users\/1"}],"replies":[{"embeddable":true,"href":"https:\/\/unjourunecouleur.fr\/boutique\/wp-json\/wp\/v2\/comments?post=38"}],"version-history":[{"count":7,"href":"https:\/\/unjourunecouleur.fr\/boutique\/wp-json\/wp\/v2\/pages\/38\/revisions"}],"predecessor-version":[{"id":462,"href":"https:\/\/unjourunecouleur.fr\/boutique\/wp-json\/wp\/v2\/pages\/38\/revisions\/462"}],"wp:attachment":[{"href":"https:\/\/unjourunecouleur.fr\/boutique\/wp-json\/wp\/v2\/media?parent=38"}],"curies":[{"name":"wp","href":"https:\/\/api.w.org\/{rel}","templated":true}]}}